{"id":669,"date":"2018-08-23T16:31:12","date_gmt":"2018-08-23T14:31:12","guid":{"rendered":"https:\/\/www.becker-tanks.de\/maison\/"},"modified":"2018-12-12T11:53:55","modified_gmt":"2018-12-12T10:53:55","slug":"maison","status":"publish","type":"page","link":"https:\/\/www.becker-tanks.de\/fr\/","title":{"rendered":"Maison"},"content":{"rendered":"\t\t<div data-elementor-type=\"post\" data-elementor-id=\"669\" class=\"elementor elementor-669 elementor-2\" data-elementor-settings=\"[]\">\n\t\t\t<div class=\"elementor-inner\">\n\t\t\t\t<div class=\"elementor-section-wrap\">\n\t\t\t\t\t\t\t<section data-id=\"50af7f4\" class=\"elementor-element elementor-element-50af7f4 elementor-section-full_width elementor-section-height-default elementor-section-height-default elementor-section elementor-top-section\" data-element_type=\"section\">\n\t\t\t\t\t\t<div class=\"elementor-container elementor-column-gap-no\">\n\t\t\t\t<div class=\"elementor-row\">\n\t\t\t\t<div data-id=\"149d806\" class=\"elementor-element elementor-element-149d806 elementor-column elementor-col-100 elementor-top-column\" data-element_type=\"column\">\n\t\t\t<div class=\"elementor-column-wrap  elementor-element-populated\">\n\t\t\t\t\t<div class=\"elementor-widget-wrap\">\n\t\t\t\t<div data-id=\"f4b0ef1\" class=\"elementor-element elementor-element-f4b0ef1 elementor-widget elementor-widget-xm-header-image\" data-element_type=\"xm-header-image.default\">\n\t\t\t\t<div class=\"elementor-widget-container\">\n\t\t\t    <div class=\"xm-header-image-container\">\n        <div class=\"xm-header-image\" style=\"background-image: url('https:\/\/www.becker-tanks.de\/wp-content\/uploads\/2018\/06\/Header_IMG_0535.jpg');\">\n            <img decoding=\"async\" src=\"https:\/\/www.becker-tanks.de\/wp-content\/uploads\/2018\/06\/Header_IMG_0535.jpg\" alt=\"\">\n            <div class=\"xm-header-text\">\n                <h1>\n                    <span>\n                        Comp\u00e9tence dans le domaine de l\u2019inox                    <\/span>\n                <\/h1>\n            <\/div>\n        <\/div>\n    <\/div>\n    \t\t<\/div>\n\t\t\t\t<\/div>\n\t\t\t\t\t\t<\/div>\n\t\t\t<\/div>\n\t\t<\/div>\n\t\t\t\t\t\t<\/div>\n\t\t\t<\/div>\n\t\t<\/section>\n\t\t\t\t<section data-id=\"07e94b6\" class=\"elementor-element elementor-element-07e94b6 elementor-section-boxed elementor-section-height-default elementor-section-height-default elementor-section elementor-top-section\" data-element_type=\"section\">\n\t\t\t\t\t\t<div class=\"elementor-container elementor-column-gap-wide\">\n\t\t\t\t<div class=\"elementor-row\">\n\t\t\t\t<div data-id=\"39c8c2b\" class=\"elementor-element elementor-element-39c8c2b elementor-column elementor-col-66 elementor-top-column\" data-element_type=\"column\">\n\t\t\t<div class=\"elementor-column-wrap  elementor-element-populated\">\n\t\t\t\t\t<div class=\"elementor-widget-wrap\">\n\t\t\t\t<div data-id=\"9c2a474\" class=\"elementor-element elementor-element-9c2a474 elementor-widget elementor-widget-text-editor\" data-element_type=\"text-editor.default\">\n\t\t\t\t<div class=\"elementor-widget-container\">\n\t\t\t\t\t<div class=\"elementor-text-editor elementor-clearfix\"><h1>Becker-Tanks.<\/h1>\n<hr \/>\n<p>Notre coeur de m\u00e9tier est la construction de cuves de stockage et de process. Nos proposons des solutions sur mesure, une construction et une finition aboutie, un savoir faire et une exp\u00e9rience dans le travail de l\u2019inox, ceci est notre marque de fabrique et un plus pour vous.<\/p>\n<\/div>\n\t\t\t\t<\/div>\n\t\t\t\t<\/div>\n\t\t\t\t\t\t<\/div>\n\t\t\t<\/div>\n\t\t<\/div>\n\t\t\t\t<div data-id=\"8a20326\" class=\"elementor-element elementor-element-8a20326 elementor-column elementor-col-33 elementor-top-column\" data-element_type=\"column\">\n\t\t\t<div class=\"elementor-column-wrap\">\n\t\t\t\t\t<div class=\"elementor-widget-wrap\">\n\t\t\t\t\t\t<\/div>\n\t\t\t<\/div>\n\t\t<\/div>\n\t\t\t\t\t\t<\/div>\n\t\t\t<\/div>\n\t\t<\/section>\n\t\t\t\t<section data-id=\"e171486\" class=\"elementor-element elementor-element-e171486 elementor-section-full_width elementor-section-height-default elementor-section-height-default elementor-section elementor-top-section\" data-element_type=\"section\">\n\t\t\t\t\t\t<div class=\"elementor-container elementor-column-gap-no\">\n\t\t\t\t<div class=\"elementor-row\">\n\t\t\t\t<div data-id=\"79d10a3\" class=\"elementor-element elementor-element-79d10a3 elementor-column elementor-col-100 elementor-top-column\" data-element_type=\"column\">\n\t\t\t<div class=\"elementor-column-wrap  elementor-element-populated\">\n\t\t\t\t\t<div class=\"elementor-widget-wrap\">\n\t\t\t\t<div data-id=\"a2a5544\" class=\"elementor-element elementor-element-a2a5544 elementor-widget elementor-widget-xm-thumbnail-grid\" data-element_type=\"xm-thumbnail-grid.default\">\n\t\t\t\t<div class=\"elementor-widget-container\">\n\t\t\t    <div class=\"thumbnail-grid\">\n        <div class=\"row\">\n            <div class=\"col\">\n                <a href=\"https:\/\/www.becker-tanks.de\/fr\/produits\/cuves-en-inox-vinicoles\/\">\n                    <div class=\"thumbnail-image\">\n                        <img decoding=\"async\" src=\"https:\/\/www.becker-tanks.de\/wp-content\/uploads\/2018\/10\/Weinbau_Startseite_IMG_7452.jpg\">\n                    <\/div>\n                    <div class=\"thumbnail-text\">\n                        <span>\n                            Cuves en inox vinicoles                        <\/span>\n                    <\/div>\n                <\/a>\n            <\/div>\n            <div class=\"col\">\n                <a href=\"https:\/\/www.becker-tanks.de\/fr\/produits\/cuves-en-inox-pour-lindustrie\/\">\n                    <div class=\"thumbnail-image\">\n                        <img decoding=\"async\" src=\"https:\/\/www.becker-tanks.de\/wp-content\/uploads\/2018\/10\/Edelstahl_Industrie.jpg\">\n                    <\/div>\n                    <div class=\"thumbnail-text\">\n                        <span>\n                            Cuves en inox pour l\u2019industrie                        <\/span>\n                    <\/div>\n                <\/a>\n            <\/div>\n        <\/div>\n        <div class=\"row\">\n            <div class=\"col\">\n                <a href=\"https:\/\/www.becker-tanks.de\/fr\/produits\/constructions-speciales\/\">\n                    <div class=\"thumbnail-image\">\n                        <img decoding=\"async\" src=\"https:\/\/www.becker-tanks.de\/wp-content\/uploads\/2018\/08\/Startseite_Sonderbau_IMG_1437.jpg\">\n                    <\/div>\n                    <div class=\"thumbnail-text\">\n                        <span>\n                            Constructions sp\u00e9ciales                        <\/span>\n                    <\/div>\n                <\/a>\n            <\/div>\n            <div class=\"col\">\n                <a href=\"https:\/\/www.becker-tanks.de\/fr\/produits\/sous-traitance-industrielle\/\">\n                    <div class=\"thumbnail-image\">\n                        <img decoding=\"async\" src=\"https:\/\/www.becker-tanks.de\/wp-content\/uploads\/2018\/08\/Startseite_Laserlohn_IMG_0227.jpg\">\n                    <\/div>\n                    <div class=\"thumbnail-text\">\n                        <span>\n                            Sous-traitance industrielle                        <\/span>\n                    <\/div>\n                <\/a>\n            <\/div>\n            <div class=\"col\">\n                <a href=\"https:\/\/www.becker-tanks.de\/fr\/produits\/evacuation-des-eaux-usees\/\">\n                    <div class=\"thumbnail-image\">\n                        <img decoding=\"async\" src=\"https:\/\/www.becker-tanks.de\/wp-content\/uploads\/2018\/08\/Startseite_Abwasser_IMG_0359.jpg\">\n                    <\/div>\n                    <div class=\"thumbnail-text\">\n                        <span>\n                            Evacuation des eaux us\u00e9es                        <\/span>\n                    <\/div>\n                <\/a>\n            <\/div>\n        <\/div>\n    <\/div>\n    <div class=\"thumbnail-grid-slider\">\n        <div class=\"slide\">\n            <a href=\"https:\/\/www.becker-tanks.de\/fr\/produits\/cuves-en-inox-vinicoles\/\">\n                <div class=\"thumbnail-image\">\n                    <img decoding=\"async\" src=\"https:\/\/www.becker-tanks.de\/wp-content\/uploads\/2018\/10\/Weinbau_Startseite_IMG_7452_416x350.jpg\">\n                <\/div>\n                <div class=\"thumbnail-text\">\n                    <span>\n                        Cuves en inox vinicoles                    <\/span>\n                <\/div>\n            <\/a>\n        <\/div>\n        <div class=\"slide\">\n            <a href=\"https:\/\/www.becker-tanks.de\/fr\/produits\/cuves-en-inox-pour-lindustrie\/\">\n                <div class=\"thumbnail-image\">\n                    <img decoding=\"async\" src=\"https:\/\/www.becker-tanks.de\/wp-content\/uploads\/2018\/11\/Startseite_Edelstahl_Industrie_mobil.jpg\">\n                <\/div>\n                <div class=\"thumbnail-text\">\n                    <span>\n                        Cuves en inox pour l\u2019industrie                    <\/span>\n                <\/div>\n            <\/a>\n        <\/div>\n        <div class=\"slide\">\n                <a href=\"https:\/\/www.becker-tanks.de\/fr\/produits\/constructions-speciales\/\">\n                    <div class=\"thumbnail-image\">\n                        <img decoding=\"async\" src=\"https:\/\/www.becker-tanks.de\/wp-content\/uploads\/2018\/08\/Startseite_Sonderbau_IMG_1437.jpg\">\n                    <\/div>\n                    <div class=\"thumbnail-text\">\n                        <span>\n                            Constructions sp\u00e9ciales                        <\/span>\n                    <\/div>\n                <\/a>\n            <\/div>\n            <div class=\"slide\">\n                <a href=\"https:\/\/www.becker-tanks.de\/fr\/produits\/sous-traitance-industrielle\/\">\n                    <div class=\"thumbnail-image\">\n                        <img decoding=\"async\" src=\"https:\/\/www.becker-tanks.de\/wp-content\/uploads\/2018\/08\/Startseite_Laserlohn_IMG_0227.jpg\">\n                    <\/div>\n                    <div class=\"thumbnail-text\">\n                        <span>\n                            Sous-traitance industrielle                        <\/span>\n                    <\/div>\n                <\/a>\n            <\/div>\n            <div class=\"slide\">\n                <a href=\"https:\/\/www.becker-tanks.de\/fr\/produits\/evacuation-des-eaux-usees\/\">\n                    <div class=\"thumbnail-image\">\n                        <img decoding=\"async\" src=\"https:\/\/www.becker-tanks.de\/wp-content\/uploads\/2018\/08\/Startseite_Abwasser_IMG_0359.jpg\">\n                    <\/div>\n                    <div class=\"thumbnail-text\">\n                        <span>\n                            Evacuation des eaux us\u00e9es                        <\/span>\n                    <\/div>\n                <\/a>\n            <\/div>\n    <\/div>\n    \t\t<\/div>\n\t\t\t\t<\/div>\n\t\t\t\t\t\t<\/div>\n\t\t\t<\/div>\n\t\t<\/div>\n\t\t\t\t\t\t<\/div>\n\t\t\t<\/div>\n\t\t<\/section>\n\t\t\t\t<section data-id=\"c582c82\" class=\"elementor-element elementor-element-c582c82 elementor-section-full_width elementor-section-height-default elementor-section-height-default elementor-section elementor-top-section\" data-element_type=\"section\">\n\t\t\t\t\t\t<div class=\"elementor-container elementor-column-gap-no\">\n\t\t\t\t<div class=\"elementor-row\">\n\t\t\t\t<div data-id=\"a8f0989\" class=\"elementor-element elementor-element-a8f0989 elementor-column elementor-col-100 elementor-top-column\" data-element_type=\"column\">\n\t\t\t<div class=\"elementor-column-wrap\">\n\t\t\t\t\t<div class=\"elementor-widget-wrap\">\n\t\t\t\t\t\t<\/div>\n\t\t\t<\/div>\n\t\t<\/div>\n\t\t\t\t\t\t<\/div>\n\t\t\t<\/div>\n\t\t<\/section>\n\t\t\t\t<section data-id=\"d611c94\" class=\"elementor-element elementor-element-d611c94 elementor-section-boxed elementor-section-height-default elementor-section-height-default elementor-section elementor-top-section\" data-element_type=\"section\">\n\t\t\t\t\t\t<div class=\"elementor-container elementor-column-gap-wide\">\n\t\t\t\t<div class=\"elementor-row\">\n\t\t\t\t<div data-id=\"9c61c1f\" class=\"elementor-element elementor-element-9c61c1f elementor-column elementor-col-33 elementor-top-column\" data-element_type=\"column\">\n\t\t\t<div class=\"elementor-column-wrap  elementor-element-populated\">\n\t\t\t\t\t<div class=\"elementor-widget-wrap\">\n\t\t\t\t<div data-id=\"6034700\" class=\"elementor-element elementor-element-6034700 elementor-widget elementor-widget-text-editor\" data-element_type=\"text-editor.default\">\n\t\t\t\t<div class=\"elementor-widget-container\">\n\t\t\t\t\t<div class=\"elementor-text-editor elementor-clearfix\"><h1>Comp\u00e9tence dans le domaine de l\u2019inox<\/h1>\n<hr \/>\n<p>L\u2019inox est r\u00e9sistant, hygi\u00e9nique, facile d\u2019entretien et offre un r\u00e9el rendu optique.<br \/>\nNous produisons depuis des d\u00e9cennies des cuves en inox destin\u00e9es aux secteurs vinicoles, brassicoles et industriels.<br \/>\nNous avons \u00e9galement d\u00e9velopp\u00e9 des comp\u00e9tences dans le domaine de l\u2019assainissement des eaux us\u00e9es ainsi que sur toute construction particuli\u00e8re en inox. Profitez de notre savoir-faire!<\/p>\n<\/div>\n\t\t\t\t<\/div>\n\t\t\t\t<\/div>\n\t\t\t\t\t\t<\/div>\n\t\t\t<\/div>\n\t\t<\/div>\n\t\t\t\t<div data-id=\"ba5f792\" class=\"elementor-element elementor-element-ba5f792 elementor-column elementor-col-33 elementor-top-column\" data-element_type=\"column\">\n\t\t\t<div class=\"elementor-column-wrap\">\n\t\t\t\t\t<div class=\"elementor-widget-wrap\">\n\t\t\t\t\t\t<\/div>\n\t\t\t<\/div>\n\t\t<\/div>\n\t\t\t\t<div data-id=\"baaa7b4\" class=\"elementor-element elementor-element-baaa7b4 elementor-column elementor-col-33 elementor-top-column\" data-element_type=\"column\">\n\t\t\t<div class=\"elementor-column-wrap  elementor-element-populated\">\n\t\t\t\t\t<div class=\"elementor-widget-wrap\">\n\t\t\t\t<div data-id=\"24b3775\" class=\"elementor-element elementor-element-24b3775 elementor-widget elementor-widget-text-editor\" data-element_type=\"text-editor.default\">\n\t\t\t\t<div class=\"elementor-widget-container\">\n\t\t\t\t\t<div class=\"elementor-text-editor elementor-clearfix\"><h2 class=\"d-none d-md-block\" style=\"opacity: 0;\"><span style=\"color: #000000;\">EEE<\/span><\/h2>\n<hr class=\"d-none d-md-block\" style=\"opacity: 0;\" \/>\n<h3>Wir beraten Sie individuell und pers\u00f6nlich<\/h3>\n<p>F\u00fcr einen Termin, rufen Sie uns an oder schreiben Sie uns!<\/p>\n<p><a href=\"mailto:info@beckertanks.de\"><span class=\"ion\">\uf4b9<\/span><\/a><a href=\"tel:+496733949640\">\u00a0\u00a0 06733 &#8211; 949 640<br \/>\n<\/a><a href=\"mailto:info@beckertanks.de\"><span class=\"ion\">\uf132<\/span> <\/a><a href=\"mailto:post@becker-tanks.de\">\u00a0 post@becker-tanks.de<\/a><\/p>\n<\/div>\n\t\t\t\t<\/div>\n\t\t\t\t<\/div>\n\t\t\t\t\t\t<\/div>\n\t\t\t<\/div>\n\t\t<\/div>\n\t\t\t\t\t\t<\/div>\n\t\t\t<\/div>\n\t\t<\/section>\n\t\t\t\t\t\t<\/div>\n\t\t\t<\/div>\n\t\t<\/div>\n\t\t","protected":false},"excerpt":{"rendered":"<p>Becker-Tanks. Notre coeur de m\u00e9tier est la construction de cuves de stockage et de process. Nos proposons des solutions sur mesure, une construction et une finition aboutie, un savoir faire et une exp\u00e9rience dans le travail de l\u2019inox, ceci est notre marque de fabrique et un plus pour vous. Comp\u00e9tence dans le domaine de l\u2019inox [&#8230;]<\/p>\n<p><a class=\"btn btn-secondary understrap-read-more-link\" href=\"https:\/\/www.becker-tanks.de\/fr\/\">Lire la suite&#8230;<\/a><\/p>\n","protected":false},"author":3,"featured_media":0,"parent":0,"menu_order":0,"comment_status":"closed","ping_status":"closed","template":"","meta":{"_monsterinsights_skip_tracking":false,"_monsterinsights_sitenote_active":false,"_monsterinsights_sitenote_note":"","_monsterinsights_sitenote_category":0},"_links":{"self":[{"href":"https:\/\/www.becker-tanks.de\/fr\/wp-json\/wp\/v2\/pages\/669"}],"collection":[{"href":"https:\/\/www.becker-tanks.de\/fr\/wp-json\/wp\/v2\/pages"}],"about":[{"href":"https:\/\/www.becker-tanks.de\/fr\/wp-json\/wp\/v2\/types\/page"}],"author":[{"embeddable":true,"href":"https:\/\/www.becker-tanks.de\/fr\/wp-json\/wp\/v2\/users\/3"}],"replies":[{"embeddable":true,"href":"https:\/\/www.becker-tanks.de\/fr\/wp-json\/wp\/v2\/comments?post=669"}],"version-history":[{"count":3,"href":"https:\/\/www.becker-tanks.de\/fr\/wp-json\/wp\/v2\/pages\/669\/revisions"}],"predecessor-version":[{"id":701,"href":"https:\/\/www.becker-tanks.de\/fr\/wp-json\/wp\/v2\/pages\/669\/revisions\/701"}],"wp:attachment":[{"href":"https:\/\/www.becker-tanks.de\/fr\/wp-json\/wp\/v2\/media?parent=669"}],"curies":[{"name":"wp","href":"https:\/\/api.w.org\/{rel}","templated":true}]}}